{"id":5401,"date":"2021-03-22T11:54:14","date_gmt":"2021-03-22T10:54:14","guid":{"rendered":"https:\/\/www.ideal-pierre-parement.com\/wie-zijn-wij\/"},"modified":"2023-11-02T20:56:17","modified_gmt":"2023-11-02T19:56:17","slug":"wie-zijn-wij","status":"publish","type":"page","link":"https:\/\/www.ideal-pierre-parement.com\/nl\/wie-zijn-wij\/","title":{"rendered":"Wie zijn wij ?"},"content":{"rendered":"<p>[et_pb_section fb_built=&#8221;1&#8243; custom_padding_last_edited=&#8221;on|phone&#8221; _builder_version=&#8221;4.8.1&#8243; custom_margin=&#8221;||||false|false&#8221; custom_margin_tablet=&#8221;&#8221; custom_margin_phone=&#8221;||0px||false|false&#8221; custom_margin_last_edited=&#8221;on|tablet&#8221; custom_padding=&#8221;100px|||||&#8221; custom_padding_tablet=&#8221;0px||||false|false&#8221; custom_padding_phone=&#8221;0px||0px||false|false&#8221;][et_pb_row _builder_version=&#8221;4.8.1&#8243; animation_style=&#8221;slide&#8221; animation_direction=&#8221;left&#8221; animation_intensity_slide=&#8221;30%&#8221;][et_pb_column type=&#8221;4_4&#8243; _builder_version=&#8221;3.25&#8243; custom_padding=&#8221;|||&#8221; custom_padding__hover=&#8221;|||&#8221;][et_pb_text content_tablet=&#8221;<\/p>\n<p><span style=\"%22color:\" #003f42;%22=\"\"><\/span><\/p>\n<p><span style=\"%22color:\" #003f42;%22=\"\">PIERRes i briques i enduit<\/span><\/p>\n<h1>IDEAL PIERRE\u00ae une \u00e9quipe d\u00e9di\u00e9e<br \/>\net impliqu\u00e9e<\/h1>\n<p>&#8221; content_phone=&#8221;<\/p>\n<p><span style=\"%22color:\" #003f42;%22=\"\"><\/span><\/p>\n<p><span style=\"%22color:\" #003f42;%22=\"\">PIERRes i briques i enduit<\/span><\/p>\n<h1>IDEAL PIERRE\u00ae une \u00e9quipe d\u00e9di\u00e9e<br \/>\net impliqu\u00e9e<\/h1>\n<p>&#8221; content_last_edited=&#8221;on|phone&#8221; _builder_version=&#8221;4.8.1&#8243; text_font=&#8221;Source Sans Pro|600||on|||||&#8221; text_font_size=&#8221;13px&#8221; text_letter_spacing=&#8221;3px&#8221; text_line_height=&#8221;2.5em&#8221; header_font=&#8221;||||||||&#8221; header_font_size=&#8221;34px&#8221; header_2_font=&#8221;|600|||||||&#8221; header_2_font_size=&#8221;42px&#8221; header_4_font=&#8221;Source Sans Pro|600||on|||||&#8221; header_4_font_size=&#8221;13px&#8221; header_4_letter_spacing=&#8221;3px&#8221; header_4_line_height=&#8221;2.5em&#8221; header_2_font_size_tablet=&#8221;32px&#8221; header_2_font_size_phone=&#8221;24px&#8221; header_2_font_size_last_edited=&#8221;on|phone&#8221; locked=&#8221;off&#8221;]<span style=\"color: #003f42;\"><\/span><\/p>\n<p><span style=\"color: #003f42;\">STEENSTRIPS i BAKSTENEN i PLEISTER<\/span><\/p>\n<h1>IDEAL PIERRE\u00ae een gespecialiseerd<br \/>\nen betrokken team<\/h1>\n<p>[\/et_pb_text][\/et_pb_column][\/et_pb_row][et_pb_row column_structure=&#8221;1_6,1_6,1_6,1_2&#8243; _builder_version=&#8221;4.8.1&#8243;][et_pb_column type=&#8221;1_6&#8243; _builder_version=&#8221;3.25&#8243; custom_padding=&#8221;|||&#8221; custom_padding__hover=&#8221;|||&#8221;][et_pb_blurb title=&#8221;MEER DAN 15 JAAR ERVARING&#8221; image=&#8221;https:\/\/www.ideal-pierre-parement.com\/wp-content\/uploads\/\/2021\/05\/EXPERT.svg&#8221; alt=&#8221;Ideal Pierre, plus de 15 ans d&#8217;exp\u00e9rience&#8221; image_max_width=&#8221;74px&#8221; _builder_version=&#8221;4.8.1&#8243; header_level=&#8221;h2&#8243; header_font=&#8221;Source Sans Pro|600||on|||||&#8221; header_font_size=&#8221;15px&#8221; header_letter_spacing=&#8221;1px&#8221; header_line_height=&#8221;1.3em&#8221; body_font=&#8221;||||||||&#8221; body_font_size=&#8221;13px&#8221; body_line_height=&#8221;1.9em&#8221; text_orientation=&#8221;center&#8221; animation_style=&#8221;slide&#8221; animation=&#8221;off&#8221; header_font_size__hover=&#8221;22px&#8221; header_font_size__hover_enabled=&#8221;22px&#8221; header_letter_spacing__hover=&#8221;0px&#8221; header_letter_spacing__hover_enabled=&#8221;0px&#8221; header_line_height__hover=&#8221;1em&#8221; header_line_height__hover_enabled=&#8221;1em&#8221; header_text_shadow_style__hover=&#8221;none&#8221; header_text_shadow_style__hover_enabled=&#8221;none&#8221; header_text_shadow_color__hover=&#8221;rgba(0,0,0,0.4)&#8221; header_text_shadow_color__hover_enabled=&#8221;rgba(0,0,0,0.4)&#8221;][\/et_pb_blurb][\/et_pb_column][et_pb_column type=&#8221;1_6&#8243; _builder_version=&#8221;3.25&#8243; custom_padding=&#8221;|||&#8221; custom_padding__hover=&#8221;|||&#8221;][et_pb_blurb title=&#8221;PARTICULIEREN EN PROFESSIONELEN&#8221; image=&#8221;https:\/\/www.ideal-pierre-parement.com\/wp-content\/uploads\/\/2021\/05\/POUCE.svg&#8221; alt=&#8221;Ideal Pierre, pour particuliers et professionnels&#8221; image_max_width=&#8221;74px&#8221; _builder_version=&#8221;4.8.1&#8243; header_level=&#8221;h2&#8243; header_font=&#8221;Source Sans Pro|600||on|||||&#8221; header_font_size=&#8221;15px&#8221; header_letter_spacing=&#8221;1px&#8221; header_line_height=&#8221;1.3em&#8221; body_font=&#8221;||||||||&#8221; body_font_size=&#8221;13px&#8221; body_line_height=&#8221;1.9em&#8221; text_orientation=&#8221;center&#8221; custom_margin=&#8221;||-6px||false|false&#8221; animation_style=&#8221;slide&#8221; animation=&#8221;off&#8221; header_font_size__hover=&#8221;22px&#8221; header_font_size__hover_enabled=&#8221;22px&#8221; header_letter_spacing__hover=&#8221;0px&#8221; header_letter_spacing__hover_enabled=&#8221;0px&#8221; header_line_height__hover=&#8221;1em&#8221; header_line_height__hover_enabled=&#8221;1em&#8221; header_text_shadow_style__hover=&#8221;none&#8221; header_text_shadow_style__hover_enabled=&#8221;none&#8221; header_text_shadow_color__hover=&#8221;rgba(0,0,0,0.4)&#8221; header_text_shadow_color__hover_enabled=&#8221;rgba(0,0,0,0.4)&#8221;][\/et_pb_blurb][\/et_pb_column][et_pb_column type=&#8221;1_6&#8243; _builder_version=&#8221;3.25&#8243; custom_padding=&#8221;|||&#8221; custom_padding__hover=&#8221;|||&#8221;][et_pb_blurb title=&#8221;IN HEEL EUROPA&#8221; image=&#8221;https:\/\/www.ideal-pierre-parement.com\/wp-content\/uploads\/\/2021\/05\/UE.svg&#8221; alt=&#8221;Ideal Pierre, implant\u00e9e dans toute l&#8217;Europe&#8221; image_max_width=&#8221;74px&#8221; _builder_version=&#8221;4.8.1&#8243; header_level=&#8221;h2&#8243; header_font=&#8221;Source Sans Pro|600||on|||||&#8221; header_font_size=&#8221;15px&#8221; header_letter_spacing=&#8221;1px&#8221; header_line_height=&#8221;1.3em&#8221; body_font=&#8221;||||||||&#8221; body_font_size=&#8221;13px&#8221; body_line_height=&#8221;1.9em&#8221; text_orientation=&#8221;center&#8221; animation_style=&#8221;slide&#8221; animation=&#8221;off&#8221; header_font_size__hover=&#8221;22px&#8221; header_font_size__hover_enabled=&#8221;22px&#8221; header_letter_spacing__hover=&#8221;0px&#8221; header_letter_spacing__hover_enabled=&#8221;0px&#8221; header_line_height__hover=&#8221;1em&#8221; header_line_height__hover_enabled=&#8221;1em&#8221; header_text_shadow_style__hover=&#8221;none&#8221; header_text_shadow_style__hover_enabled=&#8221;none&#8221; header_text_shadow_color__hover=&#8221;rgba(0,0,0,0.4)&#8221; header_text_shadow_color__hover_enabled=&#8221;rgba(0,0,0,0.4)&#8221;][\/et_pb_blurb][\/et_pb_column][et_pb_column type=&#8221;1_2&#8243; _builder_version=&#8221;3.25&#8243; custom_padding=&#8221;|||&#8221; custom_padding__hover=&#8221;|||&#8221;][et_pb_text _builder_version=&#8221;4.8.1&#8243; text_font=&#8221;||||||||&#8221; text_orientation=&#8221;justified&#8221; custom_margin=&#8221;||46px|||&#8221; custom_padding=&#8221;||0px|||&#8221; animation_style=&#8221;slide&#8221; animation_direction=&#8221;right&#8221; locked=&#8221;off&#8221;]<\/p>\n<p style=\"text-align: justify;\"><b>Fabricant<\/b><strong>Als Frans-Belgische fabrikant gespecialiseerd in muurbekleding voor woningen, bieden we al vele jaren oplossingen voor de bouwsector. <\/strong>Onze bedrijfsfilosofie? We delen met jou onze expertise en ons advies over het gebruik van onze bekledingen en systemen.<\/p>\n<p>Met onze unieke kwaliteiten, <strong>innovatieve know-how en hoogwaardige&nbsp;duurzame producten kunnen we al jouw projecten waar helpen maken.<\/strong>&nbsp;Zo wisten we een mooie plaats te verwerven en een stevige reputatie op te bouwen bij <span style=\"color: #fa4f23;\"><strong>onze vele klanten: bouwheren, architecten en designers in heel Europa.<\/strong><\/span><\/p>\n<p>Dag na dag willen we ons oor te luisteren leggen bij onze klanten en zo dicht mogelijk bij hen staan. Daarom staat ons hele team klaar <strong>per telefoon en e-mail, maar ook in onze showroom in Sinsin, Belgi\u00eb.<\/strong><br \/>\nWe luisteren naar je. Aarzel dus niet om contact met ons op te nemen: we beantwoorden met plezier al je vragen.[\/et_pb_text][et_pb_button button_url=&#8221;https:\/\/www.ideal-pierre-parement.com\/nl\/onze-realisaties\/&#8221; button_text=&#8221;ONTDEK ONZE REALISATIES&#8221; button_alignment=&#8221;right&#8221; _builder_version=&#8221;4.8.1&#8243; custom_button=&#8221;on&#8221; button_text_size=&#8221;13px&#8221; button_text_color=&#8221;#FFFFFF&#8221; button_bg_color=&#8221;#003f42&#8243; button_border_width=&#8221;0px&#8221; button_border_radius=&#8221;0px&#8221; button_letter_spacing=&#8221;2px&#8221; button_font=&#8221;Montserrat|600||on|||||&#8221; button_use_icon=&#8221;off&#8221; custom_margin=&#8221;-18px||&#8221; custom_padding=&#8221;12px|24px|12px|24px|true|true&#8221; animation_style=&#8221;slide&#8221; animation_direction=&#8221;right&#8221; hover_enabled=&#8221;0&#8243; button_bg_color__hover=&#8221;#d6d6d6&#8243; button_bg_color__hover_enabled=&#8221;on|hover&#8221; button_bg_enable_color__hover=&#8221;on&#8221; button_text_color__hover_enabled=&#8221;on|hover&#8221; button_text_color__hover=&#8221;#003f42&#8243; sticky_enabled=&#8221;0&#8243;][\/et_pb_button][\/et_pb_column][\/et_pb_row][\/et_pb_section][et_pb_section fb_built=&#8221;1&#8243; custom_padding_last_edited=&#8221;on|phone&#8221; _builder_version=&#8221;4.8.1&#8243; _module_preset=&#8221;default&#8221; custom_padding_tablet=&#8221;&#8221; custom_padding_phone=&#8221;0px||||false|false&#8221;][et_pb_row column_structure=&#8221;1_3,1_3,1_3&#8243; use_custom_gutter=&#8221;on&#8221; _builder_version=&#8221;4.8.1&#8243; custom_padding=&#8221;0|0px|0|0px|false|false&#8221;][et_pb_column type=&#8221;1_3&#8243; _builder_version=&#8221;4.8.1&#8243; custom_padding=&#8221;|||&#8221; animation_style=&#8221;slide&#8221; parallax__hover=&#8221;off&#8221; parallax_method__hover=&#8221;on&#8221; custom_padding__hover=&#8221;|||&#8221;][et_pb_image src=&#8221;https:\/\/www.ideal-pierre-parement.com\/wp-content\/uploads\/2021\/06\/BELGIQUE.jpg&#8221; alt=&#8221;Ideal Pierre Parement en Belgique&#8221; _builder_version=&#8221;4.8.1&#8243; _module_preset=&#8221;default&#8221; custom_padding=&#8221;||||false|false&#8221;][\/et_pb_image][et_pb_text _builder_version=&#8221;4.8.1&#8243; text_font=&#8221;||||||||&#8221; header_3_font_size=&#8221;16px&#8221; header_3_letter_spacing=&#8221;1px&#8221; header_3_line_height=&#8221;1.8em&#8221; locked=&#8221;off&#8221;]<\/p>\n<h3>Belgi\u00eb<\/h3>\n<p style=\"text-align: justify;\">Bij het produceren en vermarkten van <strong>onze steenstrips willen we onze ecologische voetafdruk zo veel mogelijk beperken<\/strong>. Vandaar onze keuze om onze fabriek te vestigen in het <strong>Belgische Sinsin (Marche-en-Famenne), in het hart van Europa<\/strong>. Hierdoor kunnen we een brede waaier aan productie en leveringen garanderen voor alle soorten projecten, zelfs grootschalige.<\/p>\n<p>[\/et_pb_text][\/et_pb_column][et_pb_column type=&#8221;1_3&#8243; _builder_version=&#8221;4.8.1&#8243; custom_padding=&#8221;|||&#8221; animation_style=&#8221;slide&#8221; parallax__hover=&#8221;off&#8221; parallax_method__hover=&#8221;on&#8221; custom_padding__hover=&#8221;|||&#8221;][et_pb_image src=&#8221;https:\/\/www.ideal-pierre-parement.com\/wp-content\/uploads\/2021\/06\/FRANCE.jpg&#8221; alt=&#8221;Ideal Pierre Parement en France&#8221; _builder_version=&#8221;4.8.1&#8243; _module_preset=&#8221;default&#8221;][\/et_pb_image][et_pb_text _builder_version=&#8221;4.8.1&#8243; text_font=&#8221;||||||||&#8221; header_3_font_size=&#8221;16px&#8221; header_3_letter_spacing=&#8221;1px&#8221; header_3_line_height=&#8221;1.8em&#8221; locked=&#8221;off&#8221;]<\/p>\n<h3>Frankrijk<\/h3>\n<p style=\"text-align: justify;\">Onze bekledingen worden gestockeerd in <strong>ons magazijn in Noord-Frankrijk<\/strong>. We beschikken over alle nodige hulpmiddelen <strong>om zo snel mogelijk te leveren<\/strong>.<\/p>\n<p>[\/et_pb_text][\/et_pb_column][et_pb_column type=&#8221;1_3&#8243; _builder_version=&#8221;4.8.1&#8243; custom_padding=&#8221;|||&#8221; animation_style=&#8221;slide&#8221; parallax__hover=&#8221;off&#8221; parallax_method__hover=&#8221;on&#8221; custom_padding__hover=&#8221;|||&#8221;][et_pb_image src=&#8221;https:\/\/www.ideal-pierre-parement.com\/wp-content\/uploads\/2021\/06\/showroom.jpg&#8221; alt=&#8221;Showroom Ideal Pierres de parement&#8221; _builder_version=&#8221;4.8.1&#8243; _module_preset=&#8221;default&#8221;][\/et_pb_image][et_pb_text _builder_version=&#8221;4.8.1&#8243; text_font=&#8221;||||||||&#8221; header_3_font_size=&#8221;16px&#8221; header_3_letter_spacing=&#8221;1px&#8221; header_3_line_height=&#8221;1.8em&#8221; locked=&#8221;off&#8221;]<\/p>\n<h3 style=\"text-align: justify;\">Showroom<\/h3>\n<p style=\"text-align: justify;\">Spring eens binnen in onze <strong>showroom in Sinsin, Belgi\u00eb. Modellen, materialen, texturen, tinten &#8230;<\/strong> Onze adviseurs helpen je graag voort op basis van je projecten en behoeften.<\/p>\n<p>[\/et_pb_text][\/et_pb_column][\/et_pb_row][\/et_pb_section][et_pb_section fb_built=&#8221;1&#8243; custom_padding_last_edited=&#8221;on|phone&#8221; admin_label=&#8221;Contact Info&#8221; _builder_version=&#8221;4.8.1&#8243; custom_padding=&#8221;80px||80px||true|&#8221; custom_padding_tablet=&#8221;&#8221; custom_padding_phone=&#8221;0px||0px||true|false&#8221; locked=&#8221;off&#8221;][et_pb_row column_structure=&#8221;3_5,2_5&#8243; custom_padding_last_edited=&#8221;on|phone&#8221; _builder_version=&#8221;4.8.1&#8243; background_color=&#8221;#f5f5f5&#8243; custom_margin_tablet=&#8221;&#8221; custom_margin_phone=&#8221;0px||||false|false&#8221; custom_margin_last_edited=&#8221;on|phone&#8221; custom_padding=&#8221;0|0px|27px|0px|false|false&#8221; custom_padding_tablet=&#8221;&#8221; custom_padding_phone=&#8221;0|0px|0px|0px|false|false&#8221;][et_pb_column type=&#8221;3_5&#8243; _builder_version=&#8221;3.25&#8243; custom_padding=&#8221;|||&#8221; custom_padding__hover=&#8221;|||&#8221;][et_pb_text _builder_version=&#8221;4.8.1&#8243; text_font=&#8221;Source Sans Pro|600||on|||||&#8221; text_font_size=&#8221;13px&#8221; text_letter_spacing=&#8221;3px&#8221; text_line_height=&#8221;2.5em&#8221; header_font=&#8221;||||||||&#8221; header_2_font=&#8221;|600|||||||&#8221; header_2_font_size=&#8221;42px&#8221; header_2_letter_spacing=&#8221;2px&#8221; header_2_line_height=&#8221;1.5em&#8221; header_4_font=&#8221;Source Sans Pro|600||on|||||&#8221; header_4_text_color=&#8221;#003f42&#8243; header_4_font_size=&#8221;14px&#8221; header_4_letter_spacing=&#8221;3px&#8221; background_color=&#8221;#ffffff&#8221; max_width=&#8221;700px&#8221; header_2_font_size_tablet=&#8221;32px&#8221; header_2_font_size_phone=&#8221;24px&#8221; header_2_font_size_last_edited=&#8221;on|phone&#8221; locked=&#8221;off&#8221;]DE SERVICE VAN IDEAL PIERRE<\/p>\n<h2>Levering &amp; Plaatsing<\/h2>\n<p>[\/et_pb_text][\/et_pb_column][et_pb_column type=&#8221;2_5&#8243; disabled_on=&#8221;off|off|off&#8221; _builder_version=&#8221;4.8.1&#8243; custom_padding=&#8221;|||&#8221; custom_padding__hover=&#8221;|||&#8221; custom_css_main_element_last_edited=&#8221;on|phone&#8221;][\/et_pb_column][\/et_pb_row][et_pb_row column_structure=&#8221;1_4,1_4,1_4,1_4&#8243; custom_padding_last_edited=&#8221;on|phone&#8221; _builder_version=&#8221;4.8.1&#8243; background_color=&#8221;#f5f5f5&#8243; custom_margin_tablet=&#8221;&#8221; custom_margin_phone=&#8221;||||false|false&#8221; custom_margin_last_edited=&#8221;on|phone&#8221; custom_padding=&#8221;27px|48px|60px|48px|false|false&#8221; custom_padding_tablet=&#8221;&#8221; custom_padding_phone=&#8221;0px|30px||30px|false|true&#8221;][et_pb_column type=&#8221;1_4&#8243; _builder_version=&#8221;3.25&#8243; custom_padding=&#8221;|||&#8221; custom_padding__hover=&#8221;|||&#8221;][et_pb_blurb title=&#8221;PLAATSING&#8221; _builder_version=&#8221;4.8.1&#8243; header_level=&#8221;h3&#8243; header_font=&#8221;Montserrat|700||on|||||&#8221; header_font_size=&#8221;12px&#8221; header_letter_spacing=&#8221;1px&#8221; header_line_height=&#8221;1.8em&#8221; body_font=&#8221;||||||||&#8221; animation=&#8221;off&#8221; locked=&#8221;off&#8221; header_font_size__hover=&#8221;22px&#8221; header_font_size__hover_enabled=&#8221;22px&#8221; header_letter_spacing__hover=&#8221;0px&#8221; header_letter_spacing__hover_enabled=&#8221;0px&#8221; header_line_height__hover=&#8221;1em&#8221; header_line_height__hover_enabled=&#8221;1em&#8221; header_text_shadow_style__hover=&#8221;none&#8221; header_text_shadow_style__hover_enabled=&#8221;none&#8221; header_text_shadow_color__hover=&#8221;rgba(0,0,0,0.4)&#8221; header_text_shadow_color__hover_enabled=&#8221;rgba(0,0,0,0.4)&#8221; max_width__hover=&#8221;100%&#8221; max_width__hover_enabled=&#8221;100%&#8221;]<\/p>\n<p style=\"text-align: justify;\">Door hun productiewijze zijn onze steenstrips erg licht en dus makkelijk te plaatsen. Ook ons plaatsingsadvies helpt daarbij. Voorts beschikken we over een netwerk van deskundige <strong>partners die de plaatsing kunnen uitvoeren volgens de eisen van het project<\/strong>.<\/p>\n<p>[\/et_pb_blurb][\/et_pb_column][et_pb_column type=&#8221;1_4&#8243; _builder_version=&#8221;3.25&#8243; custom_padding=&#8221;|||&#8221; custom_padding__hover=&#8221;|||&#8221;][et_pb_blurb title=&#8221;ZELFBOUW&#8221; _builder_version=&#8221;4.8.1&#8243; header_level=&#8221;h3&#8243; header_font=&#8221;Montserrat|700||on|||||&#8221; header_font_size=&#8221;12px&#8221; header_letter_spacing=&#8221;1px&#8221; header_line_height=&#8221;1.8em&#8221; body_font=&#8221;||||||||&#8221; animation=&#8221;off&#8221; locked=&#8221;off&#8221; header_font_size__hover=&#8221;22px&#8221; header_font_size__hover_enabled=&#8221;22px&#8221; header_letter_spacing__hover=&#8221;0px&#8221; header_letter_spacing__hover_enabled=&#8221;0px&#8221; header_line_height__hover=&#8221;1em&#8221; header_line_height__hover_enabled=&#8221;1em&#8221; header_text_shadow_style__hover=&#8221;none&#8221; header_text_shadow_style__hover_enabled=&#8221;none&#8221; header_text_shadow_color__hover=&#8221;rgba(0,0,0,0.4)&#8221; header_text_shadow_color__hover_enabled=&#8221;rgba(0,0,0,0.4)&#8221; max_width__hover=&#8221;100%&#8221; max_width__hover_enabled=&#8221;100%&#8221;]<\/p>\n<p style=\"text-align: justify;\"><strong>Onze technische adviseurs<\/strong> staan klaar om al je vragen <strong>over je zelfbouwprojecten te beantwoorden<\/strong>. We begeleiden je bij elke stap, om je project tot een goed einde te brengen.<\/p>\n<p>[\/et_pb_blurb][\/et_pb_column][et_pb_column type=&#8221;1_4&#8243; _builder_version=&#8221;3.25&#8243; custom_padding=&#8221;|||&#8221; custom_padding__hover=&#8221;|||&#8221;][et_pb_blurb title=&#8221;VERPAKKING&#8221; _builder_version=&#8221;4.8.1&#8243; header_level=&#8221;h3&#8243; header_font=&#8221;Montserrat|700||on|||||&#8221; header_font_size=&#8221;12px&#8221; header_letter_spacing=&#8221;1px&#8221; header_line_height=&#8221;1.8em&#8221; body_font=&#8221;||||||||&#8221; animation=&#8221;off&#8221; locked=&#8221;off&#8221; header_font_size__hover=&#8221;22px&#8221; header_font_size__hover_enabled=&#8221;22px&#8221; header_letter_spacing__hover=&#8221;0px&#8221; header_letter_spacing__hover_enabled=&#8221;0px&#8221; header_line_height__hover=&#8221;1em&#8221; header_line_height__hover_enabled=&#8221;1em&#8221; header_text_shadow_style__hover=&#8221;none&#8221; header_text_shadow_style__hover_enabled=&#8221;none&#8221; header_text_shadow_color__hover=&#8221;rgba(0,0,0,0.4)&#8221; header_text_shadow_color__hover_enabled=&#8221;rgba(0,0,0,0.4)&#8221; max_width__hover=&#8221;100%&#8221; max_width__hover_enabled=&#8221;100%&#8221;]<\/p>\n<p style=\"text-align: justify;\">De dikte van onze bekledingen schommelt tussen 3 en 7 cm. Hun gewicht varieert van <strong>30 tot 35 kg\/m2<\/strong> (afhankelijk van het model) en ze worden verpakt per doos van 1m\u00b2 ofte 25m\u00b2\/pallet (behalve Schiste Tradition, die alleen wordt verpakt per 0,9m\u00b2). Contacteer ons voor meer informatie.<\/p>\n<p>[\/et_pb_blurb][\/et_pb_column][et_pb_column type=&#8221;1_4&#8243; _builder_version=&#8221;3.25&#8243; custom_padding=&#8221;|||&#8221; custom_padding__hover=&#8221;|||&#8221;][et_pb_blurb title=&#8221;LEVERING &amp; VERZENDING&#8221; _builder_version=&#8221;4.8.1&#8243; header_level=&#8221;h3&#8243; header_font=&#8221;Montserrat|700||on|||||&#8221; header_font_size=&#8221;12px&#8221; header_letter_spacing=&#8221;1px&#8221; header_line_height=&#8221;1.8em&#8221; body_font=&#8221;||||||||&#8221; animation=&#8221;off&#8221; locked=&#8221;off&#8221; header_font_size__hover=&#8221;22px&#8221; header_font_size__hover_enabled=&#8221;22px&#8221; header_letter_spacing__hover=&#8221;0px&#8221; header_letter_spacing__hover_enabled=&#8221;0px&#8221; header_line_height__hover=&#8221;1em&#8221; header_line_height__hover_enabled=&#8221;1em&#8221; header_text_shadow_style__hover=&#8221;none&#8221; header_text_shadow_style__hover_enabled=&#8221;none&#8221; header_text_shadow_color__hover=&#8221;rgba(0,0,0,0.4)&#8221; header_text_shadow_color__hover_enabled=&#8221;rgba(0,0,0,0.4)&#8221; max_width__hover=&#8221;100%&#8221; max_width__hover_enabled=&#8221;100%&#8221;]<\/p>\n<p style=\"text-align: justify;\">Afhankelijk van de bestelde bekledingspanelen kunnen <strong>levertijden en beschikbaarheid<\/strong> vari\u00ebren. Weet dat we er een erezaak van maken om een antwoord te geven op al je vragen over <strong>de levering van je bestellingen.<\/strong><\/p>\n<p>[\/et_pb_blurb][\/et_pb_column][\/et_pb_row][et_pb_row _builder_version=&#8221;4.8.1&#8243; _module_preset=&#8221;default&#8221;][et_pb_column type=&#8221;4_4&#8243; _builder_version=&#8221;4.8.1&#8243; _module_preset=&#8221;default&#8221;][et_pb_button button_url=&#8221;https:\/\/www.ideal-pierre-parement.com\/nl\/contact\/&#8221; button_text=&#8221;Contacteer ons&#8221; button_alignment=&#8221;right&#8221; _builder_version=&#8221;4.8.1&#8243; custom_button=&#8221;on&#8221; button_text_size=&#8221;13px&#8221; button_text_color=&#8221;#FFFFFF&#8221; button_bg_color=&#8221;#003f42&#8243; button_border_width=&#8221;0px&#8221; button_border_radius=&#8221;0px&#8221; button_letter_spacing=&#8221;2px&#8221; button_font=&#8221;Montserrat|600||on|||||&#8221; button_use_icon=&#8221;off&#8221; custom_margin=&#8221;-18px||&#8221; custom_padding=&#8221;12px|24px|12px|24px|true|true&#8221; animation_style=&#8221;slide&#8221; animation_direction=&#8221;right&#8221; hover_enabled=&#8221;0&#8243; button_bg_color__hover=&#8221;#d6d6d6&#8243; button_bg_color__hover_enabled=&#8221;on|hover&#8221; button_bg_enable_color__hover=&#8221;on&#8221; button_text_color__hover_enabled=&#8221;on|hover&#8221; button_text_color__hover=&#8221;#003f42&#8243; sticky_enabled=&#8221;0&#8243;][\/et_pb_button][\/et_pb_column][\/et_pb_row][\/et_pb_section]<\/p>\n","protected":false},"excerpt":{"rendered":"<p>[et_pb_section fb_built=&#8221;1&#8243; custom_padding_last_edited=&#8221;on|phone&#8221; _builder_version=&#8221;4.8.1&#8243; custom_margin=&#8221;||||false|false&#8221; custom_margin_tablet=&#8221;&#8221; custom_margin_phone=&#8221;||0px||false|false&#8221; custom_margin_last_edited=&#8221;on|tablet&#8221; custom_padding=&#8221;100px|||||&#8221; custom_padding_tablet=&#8221;0px||||false|false&#8221; custom_padding_phone=&#8221;0px||0px||false|false&#8221;][et_pb_row _builder_version=&#8221;4.8.1&#8243; animation_style=&#8221;slide&#8221; animation_direction=&#8221;left&#8221; animation_intensity_slide=&#8221;30%&#8221;][et_pb_column type=&#8221;4_4&#8243; _builder_version=&#8221;3.25&#8243; custom_padding=&#8221;|||&#8221; custom_padding__hover=&#8221;|||&#8221;][et_pb_text content_tablet=&#8221; PIERRes i briques i enduit IDEAL PIERRE\u00ae une \u00e9quipe d\u00e9di\u00e9e et impliqu\u00e9e &#8221; content_phone=&#8221; PIERRes i briques i enduit IDEAL PIERRE\u00ae une \u00e9quipe d\u00e9di\u00e9e et impliqu\u00e9e &#8221; content_last_edited=&#8221;on|phone&#8221; _builder_version=&#8221;4.8.1&#8243; text_font=&#8221;Source Sans Pro|600||on|||||&#8221; text_font_size=&#8221;13px&#8221; text_letter_spacing=&#8221;3px&#8221; text_line_height=&#8221;2.5em&#8221; [&hellip;]<\/p>\n","protected":false},"author":1,"featured_media":0,"parent":0,"menu_order":0,"comment_status":"closed","ping_status":"closed","template":"","meta":{"_et_pb_use_builder":"on","_et_pb_old_content":"","_et_gb_content_width":"","inline_featured_image":false,"_vp_format_video_url":"","_vp_image_focal_point":[],"footnotes":""},"class_list":["post-5401","page","type-page","status-publish","hentry"],"yoast_head":"<!-- This site is optimized with the Yoast SEO plugin v26.6 - https:\/\/yoast.com\/wordpress\/plugins\/seo\/ -->\n<title>IDEAL PIERRE I Fabrikant gespecialiseerd specialist in steenstrips<\/title>\n<meta name=\"description\" content=\"Frans-Belgische fabrikant gespecialiseerd specialist in steenstrips binnen en buiten\" \/>\n<meta name=\"robots\" content=\"index, follow, max-snippet:-1, max-image-preview:large, max-video-preview:-1\" \/>\n<link rel=\"canonical\" href=\"https:\/\/www.ideal-pierre-parement.com\/nl\/wie-zijn-wij\/\" \/>\n<meta property=\"og:locale\" content=\"nl_NL\" \/>\n<meta property=\"og:type\" content=\"article\" \/>\n<meta property=\"og:title\" content=\"IDEAL PIERRE I Fabrikant gespecialiseerd specialist in steenstrips\" \/>\n<meta property=\"og:description\" content=\"Frans-Belgische fabrikant gespecialiseerd specialist in steenstrips binnen en buiten\" \/>\n<meta property=\"og:url\" content=\"https:\/\/www.ideal-pierre-parement.com\/nl\/wie-zijn-wij\/\" \/>\n<meta property=\"og:site_name\" content=\"Ideal Pierre\" \/>\n<meta property=\"article:modified_time\" content=\"2023-11-02T19:56:17+00:00\" \/>\n<meta name=\"twitter:card\" content=\"summary_large_image\" \/>\n<meta name=\"twitter:label1\" content=\"Geschatte leestijd\" \/>\n\t<meta name=\"twitter:data1\" content=\"12 minuten\" \/>\n<script type=\"application\/ld+json\" class=\"yoast-schema-graph\">{\"@context\":\"https:\/\/schema.org\",\"@graph\":[{\"@type\":\"WebPage\",\"@id\":\"https:\/\/www.ideal-pierre-parement.com\/nl\/wie-zijn-wij\/\",\"url\":\"https:\/\/www.ideal-pierre-parement.com\/nl\/wie-zijn-wij\/\",\"name\":\"IDEAL PIERRE I Fabrikant gespecialiseerd specialist in steenstrips\",\"isPartOf\":{\"@id\":\"https:\/\/www.ideal-pierre-parement.com\/nl\/#website\"},\"datePublished\":\"2021-03-22T10:54:14+00:00\",\"dateModified\":\"2023-11-02T19:56:17+00:00\",\"description\":\"Frans-Belgische fabrikant gespecialiseerd specialist in steenstrips binnen en buiten\",\"inLanguage\":\"nl-NL\",\"potentialAction\":[{\"@type\":\"ReadAction\",\"target\":[\"https:\/\/www.ideal-pierre-parement.com\/nl\/wie-zijn-wij\/\"]}]},{\"@type\":\"WebSite\",\"@id\":\"https:\/\/www.ideal-pierre-parement.com\/nl\/#website\",\"url\":\"https:\/\/www.ideal-pierre-parement.com\/nl\/\",\"name\":\"Ideal Pierre\",\"description\":\"Rev\u00eatements muraux\",\"publisher\":{\"@id\":\"https:\/\/www.ideal-pierre-parement.com\/nl\/#organization\"},\"potentialAction\":[{\"@type\":\"SearchAction\",\"target\":{\"@type\":\"EntryPoint\",\"urlTemplate\":\"https:\/\/www.ideal-pierre-parement.com\/nl\/?s={search_term_string}\"},\"query-input\":{\"@type\":\"PropertyValueSpecification\",\"valueRequired\":true,\"valueName\":\"search_term_string\"}}],\"inLanguage\":\"nl-NL\"},{\"@type\":\"Organization\",\"@id\":\"https:\/\/www.ideal-pierre-parement.com\/nl\/#organization\",\"name\":\"Ideal Pierre Parement\",\"url\":\"https:\/\/www.ideal-pierre-parement.com\/nl\/\",\"logo\":{\"@type\":\"ImageObject\",\"inLanguage\":\"nl-NL\",\"@id\":\"https:\/\/www.ideal-pierre-parement.com\/nl\/#\/schema\/logo\/image\/\",\"url\":\"https:\/\/www.ideal-pierre-parement.com\/wp-content\/uploads\/2021\/03\/logo-2.svg\",\"contentUrl\":\"https:\/\/www.ideal-pierre-parement.com\/wp-content\/uploads\/2021\/03\/logo-2.svg\",\"width\":\"1024\",\"height\":\"1024\",\"caption\":\"Ideal Pierre Parement\"},\"image\":{\"@id\":\"https:\/\/www.ideal-pierre-parement.com\/nl\/#\/schema\/logo\/image\/\"}}]}<\/script>\n<!-- \/ Yoast SEO plugin. -->","yoast_head_json":{"title":"IDEAL PIERRE I Fabrikant gespecialiseerd specialist in steenstrips","description":"Frans-Belgische fabrikant gespecialiseerd specialist in steenstrips binnen en buiten","robots":{"index":"index","follow":"follow","max-snippet":"max-snippet:-1","max-image-preview":"max-image-preview:large","max-video-preview":"max-video-preview:-1"},"canonical":"https:\/\/www.ideal-pierre-parement.com\/nl\/wie-zijn-wij\/","og_locale":"nl_NL","og_type":"article","og_title":"IDEAL PIERRE I Fabrikant gespecialiseerd specialist in steenstrips","og_description":"Frans-Belgische fabrikant gespecialiseerd specialist in steenstrips binnen en buiten","og_url":"https:\/\/www.ideal-pierre-parement.com\/nl\/wie-zijn-wij\/","og_site_name":"Ideal Pierre","article_modified_time":"2023-11-02T19:56:17+00:00","twitter_card":"summary_large_image","twitter_misc":{"Geschatte leestijd":"12 minuten"},"schema":{"@context":"https:\/\/schema.org","@graph":[{"@type":"WebPage","@id":"https:\/\/www.ideal-pierre-parement.com\/nl\/wie-zijn-wij\/","url":"https:\/\/www.ideal-pierre-parement.com\/nl\/wie-zijn-wij\/","name":"IDEAL PIERRE I Fabrikant gespecialiseerd specialist in steenstrips","isPartOf":{"@id":"https:\/\/www.ideal-pierre-parement.com\/nl\/#website"},"datePublished":"2021-03-22T10:54:14+00:00","dateModified":"2023-11-02T19:56:17+00:00","description":"Frans-Belgische fabrikant gespecialiseerd specialist in steenstrips binnen en buiten","inLanguage":"nl-NL","potentialAction":[{"@type":"ReadAction","target":["https:\/\/www.ideal-pierre-parement.com\/nl\/wie-zijn-wij\/"]}]},{"@type":"WebSite","@id":"https:\/\/www.ideal-pierre-parement.com\/nl\/#website","url":"https:\/\/www.ideal-pierre-parement.com\/nl\/","name":"Ideal Pierre","description":"Rev\u00eatements muraux","publisher":{"@id":"https:\/\/www.ideal-pierre-parement.com\/nl\/#organization"},"potentialAction":[{"@type":"SearchAction","target":{"@type":"EntryPoint","urlTemplate":"https:\/\/www.ideal-pierre-parement.com\/nl\/?s={search_term_string}"},"query-input":{"@type":"PropertyValueSpecification","valueRequired":true,"valueName":"search_term_string"}}],"inLanguage":"nl-NL"},{"@type":"Organization","@id":"https:\/\/www.ideal-pierre-parement.com\/nl\/#organization","name":"Ideal Pierre Parement","url":"https:\/\/www.ideal-pierre-parement.com\/nl\/","logo":{"@type":"ImageObject","inLanguage":"nl-NL","@id":"https:\/\/www.ideal-pierre-parement.com\/nl\/#\/schema\/logo\/image\/","url":"https:\/\/www.ideal-pierre-parement.com\/wp-content\/uploads\/2021\/03\/logo-2.svg","contentUrl":"https:\/\/www.ideal-pierre-parement.com\/wp-content\/uploads\/2021\/03\/logo-2.svg","width":"1024","height":"1024","caption":"Ideal Pierre Parement"},"image":{"@id":"https:\/\/www.ideal-pierre-parement.com\/nl\/#\/schema\/logo\/image\/"}}]}},"_links":{"self":[{"href":"https:\/\/www.ideal-pierre-parement.com\/nl\/wp-json\/wp\/v2\/pages\/5401","targetHints":{"allow":["GET"]}}],"collection":[{"href":"https:\/\/www.ideal-pierre-parement.com\/nl\/wp-json\/wp\/v2\/pages"}],"about":[{"href":"https:\/\/www.ideal-pierre-parement.com\/nl\/wp-json\/wp\/v2\/types\/page"}],"author":[{"embeddable":true,"href":"https:\/\/www.ideal-pierre-parement.com\/nl\/wp-json\/wp\/v2\/users\/1"}],"replies":[{"embeddable":true,"href":"https:\/\/www.ideal-pierre-parement.com\/nl\/wp-json\/wp\/v2\/comments?post=5401"}],"version-history":[{"count":7,"href":"https:\/\/www.ideal-pierre-parement.com\/nl\/wp-json\/wp\/v2\/pages\/5401\/revisions"}],"predecessor-version":[{"id":5635,"href":"https:\/\/www.ideal-pierre-parement.com\/nl\/wp-json\/wp\/v2\/pages\/5401\/revisions\/5635"}],"wp:attachment":[{"href":"https:\/\/www.ideal-pierre-parement.com\/nl\/wp-json\/wp\/v2\/media?parent=5401"}],"curies":[{"name":"wp","href":"https:\/\/api.w.org\/{rel}","templated":true}]}}